{"id":7,"date":"2026-02-26T16:25:27","date_gmt":"2026-02-26T16:25:27","guid":{"rendered":"https:\/\/mystifying-volhard.87-118-120-113.plesk.page\/?page_id=7"},"modified":"2026-03-23T15:33:10","modified_gmt":"2026-03-23T15:33:10","slug":"home","status":"publish","type":"page","link":"https:\/\/mystifying-volhard.87-118-120-113.plesk.page\/","title":{"rendered":"Home"},"content":{"rendered":"\n<div class=\"wp-block-group alignwide has-global-padding is-content-justification-left is-layout-constrained wp-container-core-group-is-layout-a31db077 wp-block-group-is-layout-constrained\" style=\"min-height:0vh;margin-top:0;margin-bottom:0;padding-top:var(--wp--preset--spacing--60);padding-right:var(--wp--preset--spacing--40);padding-bottom:var(--wp--preset--spacing--60);padding-left:var(--wp--preset--spacing--40)\">\n<div class=\"wp-block-group alignfull has-global-padding is-layout-constrained wp-container-core-group-is-layout-346627ba wp-block-group-is-layout-constrained\">\n<div class=\"wp-block-columns alignfull is-layout-flex wp-container-core-columns-is-layout-28f84493 wp-block-columns-is-layout-flex\">\n<div class=\"wp-block-column is-layout-flow wp-block-column-is-layout-flow\">\n<h2 class=\"wp-block-heading has-text-align-left has-xx-large-font-size\" style=\"margin-right:0;margin-left:0;padding-right:0;padding-left:0\">Haus\u00e4rztliche Medizin mit pers\u00f6nlicher Betreuung<\/h2>\n\n\n\n<p>Neben der umfassenden medizinischen Betreuung sehen wir den ganzen Menschen mit seinen seelischen und sozialen Bed\u00fcrfnissen. Grundlage unserer medizinischen Entscheidungen ist die evidenz-basierte Medizin, d.h. ein zur\u00fcckhaltender und kritischer Einsatz von Medikamenten.<\/p>\n\n\n\n<p>Unsere medizinischen Schwerpunkte sind die Diabetologie, die Innere Medizin und das gesamte haus\u00e4rztliche Spektrum. Wir f\u00fchren Schulungen f\u00fcr Diabetiker durch und bieten die \u00fcblichen Vorsorge-Untersuchungen und Schutzimpfungen an.<\/p>\n\n\n\n<p class=\"has-text-align-left\">Ein verantwortungsvoller Umgang mit Ressourcen ist Teil unseres Selbstverst\u00e4ndnisses. Unser Nachhaltigkeitskonzept verbindet \u00f6kologische, \u00f6konomische und soziale Verantwortung.<\/p>\n\n\n\n<div class=\"wp-block-buttons is-content-justification-center is-layout-flex wp-container-core-buttons-is-layout-a89b3969 wp-block-buttons-is-layout-flex\">\n<div class=\"wp-block-button\"><a class=\"wp-block-button__link wp-element-button\" href=\"#Leistungen\">Weitere Informationen<\/a><\/div>\n<\/div>\n<\/div>\n\n\n\n<div class=\"wp-block-column is-layout-flow wp-block-column-is-layout-flow\">\n<figure class=\"wp-block-image size-full\"><img loading=\"lazy\" decoding=\"async\" width=\"975\" height=\"800\" src=\"https:\/\/mystifying-volhard.87-118-120-113.plesk.page\/wp-content\/uploads\/2026\/03\/dummy_titel2.jpg\" alt=\"\" class=\"wp-image-462\" srcset=\"https:\/\/mystifying-volhard.87-118-120-113.plesk.page\/wp-content\/uploads\/2026\/03\/dummy_titel2.jpg 975w, https:\/\/mystifying-volhard.87-118-120-113.plesk.page\/wp-content\/uploads\/2026\/03\/dummy_titel2-300x246.jpg 300w, https:\/\/mystifying-volhard.87-118-120-113.plesk.page\/wp-content\/uploads\/2026\/03\/dummy_titel2-768x630.jpg 768w\" sizes=\"auto, (max-width: 975px) 100vw, 975px\" \/><\/figure>\n<\/div>\n<\/div>\n<\/div>\n<\/div>\n\n\n\n\n\n<div class=\"wp-block-group alignfull is-style-section-4 has-background has-global-padding is-layout-constrained wp-container-core-group-is-layout-0666dc36 wp-block-group-is-layout-constrained is-style-section-4--1\" style=\"background-color:#6d98ba;padding-top:var(--wp--preset--spacing--60);padding-right:var(--wp--preset--spacing--40);padding-bottom:var(--wp--preset--spacing--60);padding-left:var(--wp--preset--spacing--40)\">\n<h2 class=\"wp-block-heading alignwide has-base-color has-text-color has-link-color wp-elements-bb6ac978710026d2ca79f46f0551d523\">Aktuelles<\/h2>\n\n\n\n<div class=\"wp-block-columns alignwide is-layout-flex wp-container-core-columns-is-layout-28f84493 wp-block-columns-is-layout-flex\">\n<div class=\"wp-block-column is-layout-flow wp-block-column-is-layout-flow\"><ul style=\"padding-top:0;padding-bottom:0;padding-left:0;padding-right:0;\" class=\"wp-block-latest-posts__list has-link-color wp-elements-04a189c77a64b440abf3b725525f390b wp-block-latest-posts has-text-color has-base-color\"><li><a class=\"wp-block-latest-posts__post-title\" href=\"https:\/\/mystifying-volhard.87-118-120-113.plesk.page\/?p=235\">Grippeimpfung<\/a><div class=\"wp-block-latest-posts__post-full-content\"><!-- wp:paragraph -->\n<p>Zu folgenden Zeiten impfen wir ohne Voranmeldung die\u00a0<strong>Grippeimpfung<\/strong>:<\/p>\n<!-- \/wp:paragraph -->\n\n<!-- wp:paragraph -->\n<p>dienstags 14.30 &#8211; 17 Uhr<\/p>\n<!-- \/wp:paragraph -->\n\n<!-- wp:paragraph -->\n<p>donnerstags 12.30 &#8211; 15 Uhr<\/p>\n<!-- \/wp:paragraph -->\n\n<!-- wp:paragraph -->\n<p>freitags 9 &#8211; 11 Uhr<\/p>\n<!-- \/wp:paragraph -->\n\n<!-- wp:paragraph -->\n<p>Dienstags zwischen 14.30 und 17 Uhr k\u00f6nnen Sie auch f\u00fcr die <strong>Covid-Impfung<\/strong>\u00a0(mRNA-Impfstoff Comirnaty LP.8.1. von BioNTech) in die Praxis ohne Voranmeldung kommen. Die Grippe- und Covidimpfung k\u00f6nnen zeitgleich erfolgen.<\/p>\n<!-- \/wp:paragraph --><\/div><\/li>\n<\/ul><\/div>\n<\/div>\n<\/div>\n\n\n\n\n\n\n\n\n\n\n\n<div class=\"wp-block-group alignwide has-global-padding is-layout-constrained wp-block-group-is-layout-constrained\" id=\"Leistungen\" style=\"padding-top:var(--wp--preset--spacing--60);padding-bottom:var(--wp--preset--spacing--60)\">\n<div class=\"wp-block-columns alignwide is-layout-flex wp-container-core-columns-is-layout-28f84493 wp-block-columns-is-layout-flex\">\n<div class=\"wp-block-column is-layout-flow wp-block-column-is-layout-flow\"><p><center><i class=\"fa fa-clipboard-list fa-3x \" ><\/i><\/center><\/p>\n\n\n\n<h2 class=\"wp-block-heading\">Haus\u00e4rztliche Versorgung<\/h2>\n\n\n\n<p>ganzheitlich evidenzbasierte Versorgung akuter und chronsicher Erkrankungen t\u00e4gliche Akutsprechstunde, psychosomatische Grundversorgung, Pr\u00e4- und postoperative Untersuchungen mit \u00dcberweisung,  Behandlung akuter und chronischer Wunden, Jugend-Arbeitsschutzuntersuchungen<\/p>\n<\/div>\n\n\n\n<div class=\"wp-block-column is-layout-flow wp-block-column-is-layout-flow\"><p><center><i class=\"fa fa-stethoscope fa-3x \" ><\/i><\/center><\/p>\n\n\n\n<h2 class=\"wp-block-heading\">Vorsorge- und Fr\u00fcherkennung<\/h2>\n\n\n\n<p>Check-up 35, Hautkrebs-Fr\u00fcherkennung, Bauchaortenaneurysmascreening, Impfungen<\/p>\n<\/div>\n\n\n\n<div class=\"wp-block-column is-layout-flow wp-block-column-is-layout-flow\"><p><center><i class=\"fa fa-notes-medical fa-3x \" ><\/i><\/center><\/p>\n\n\n\n<h2 class=\"wp-block-heading\">Chronische Erkrankungen &amp; strukturierte Programme<\/h2>\n\n\n\n<p>Diabetes, Asthma, Chronisch obstruktive Lungenerkrankung, Koronare Herzkrankheit<\/p>\n<\/div>\n<\/div>\n\n\n\n<div class=\"wp-block-columns alignwide is-layout-flex wp-container-core-columns-is-layout-28f84493 wp-block-columns-is-layout-flex\">\n<div class=\"wp-block-column is-layout-flow wp-block-column-is-layout-flow\"><p><center><i class=\"fa fa-hand-holding-heart fa-3x \" ><\/i><\/center><\/p>\n\n\n\n<h2 class=\"wp-block-heading\">Geriatrie <\/h2>\n\n\n\n<p>Altersmedizinische Beurteilung und Begleitung, Hausbesuche, Versorgung in Seniorenheimen<\/p>\n<\/div>\n\n\n\n<div class=\"wp-block-column is-layout-flow wp-block-column-is-layout-flow\"><p><center><i class=\"fa fa-vial fa-3x \" ><\/i><\/center><\/p>\n\n\n\n<h2 class=\"wp-block-heading\">Diagnostik und apparative Untersuchungen<\/h2>\n\n\n\n<p>Labordiagnostik, EKG, Lungenfunktionspr\u00fcfung, Schilddr\u00fcsen- und Bauchultraschall<\/p>\n<\/div>\n\n\n\n<div class=\"wp-block-column is-layout-flow wp-block-column-is-layout-flow\">\n\n\n<p><center><i class=\"far fa-circle fa-3x\"><\/i><\/center><\/p>\n\n\n\n<h2 class=\"wp-block-heading\">Diabetes<\/h2>\n\n\n\n<p>Einstellung und Behandlung von Diabetikern einschlie\u00dflich Diabetesschulungen mit und ohne Insulin<\/p>\n<\/div>\n<\/div>\n\n\n\n<div class=\"wp-block-columns alignwide is-layout-flex wp-container-core-columns-is-layout-28f84493 wp-block-columns-is-layout-flex\">\n<div class=\"wp-block-column is-layout-flow wp-block-column-is-layout-flow\"><p><center><i class=\"fa fa-user-check fa-3x \" ><\/i><\/center><\/p>\n\n\n\n<h2 class=\"wp-block-heading\">Selbstzahler-Leistungen<\/h2>\n\n\n\n<p>F\u00fchrerscheinuntersuchungen, Reiseimpfungen, sinnvolle ausgew\u00e4hlte Selbstzahlerleistungen (individuelle Gesundheitsleistungen, IGeL)<\/p>\n<\/div>\n\n\n\n<div class=\"wp-block-column is-layout-flow wp-block-column-is-layout-flow\"><p><center><i class=\"fa fa-circle-question fa-3x \" ><\/i><\/center><\/p>\n\n\n\n<h2 class=\"wp-block-heading\">Platzhalter<\/h2>\n\n\n\n<p>Labordiagnostik, EKG, Langzeit-EKG, Lungenfunktionspr\u00fcfung, Langzeit-Blutdruckmessung, Untersuchung der Bein-Durchblutung<\/p>\n<\/div>\n\n\n\n<div class=\"wp-block-column is-layout-flow wp-block-column-is-layout-flow\"><p><center><i class=\"fa fa-circle-question fa-3x \" ><\/i><\/center><\/p>\n\n\n\n<h2 class=\"wp-block-heading\">Platzhalter<\/h2>\n\n\n\n<p>Jugendschutzuntersuchungen, Jugend-Arbeitsschutzuntersuchung<\/p>\n<\/div>\n<\/div>\n<\/div>\n\n\n\n<div class=\"wp-block-group alignfull has-global-padding is-layout-constrained wp-block-group-is-layout-constrained\" style=\"margin-top:0;margin-bottom:0\">\n<div class=\"wp-block-columns alignfull is-layout-flex wp-container-core-columns-is-layout-28f84493 wp-block-columns-is-layout-flex\">\n<div class=\"wp-block-column is-layout-flow wp-block-column-is-layout-flow\" style=\"flex-basis:100%\">\n\n<div style=\"row-gap: 16px; column-gap: 16px; \" class=\"galleryberg-gallery-container columns-5 layout-justified wp-block-galleryberg-gallery\">\n\t\n<figure class=\"wp-block-galleryberg-image galleryberg-image size-large has-hover-effect hover-zoom-in wp-block-galleryberg-image\" id=\"wp-image-542\">\n\t\t\t<img loading=\"lazy\" decoding=\"async\" width=\"200\" height=\"320\" src=\"https:\/\/mystifying-volhard.87-118-120-113.plesk.page\/wp-content\/uploads\/2026\/03\/wartezimmer_kind.jpg\" class=\"\" alt=\"\" style=\"height: 180px\" \/>\t\t<\/figure>\n\n\n<figure class=\"wp-block-galleryberg-image galleryberg-image size-large has-hover-effect hover-zoom-in wp-block-galleryberg-image\" id=\"wp-image-541\">\n\t\t\t<img loading=\"lazy\" decoding=\"async\" width=\"320\" height=\"300\" src=\"https:\/\/mystifying-volhard.87-118-120-113.plesk.page\/wp-content\/uploads\/2026\/03\/behandlungszimmer1.jpg\" class=\"\" alt=\"\" style=\"height: 180px\" \/>\t\t<\/figure>\n\n\n<figure class=\"wp-block-galleryberg-image galleryberg-image size-large has-hover-effect hover-zoom-in wp-block-galleryberg-image\" id=\"wp-image-537\">\n\t\t\t<img loading=\"lazy\" decoding=\"async\" width=\"300\" height=\"150\" src=\"https:\/\/mystifying-volhard.87-118-120-113.plesk.page\/wp-content\/uploads\/2026\/03\/schutzimpfung.jpg\" class=\"\" alt=\"\" style=\"height: 180px\" \/>\t\t<\/figure>\n\n\n<figure class=\"wp-block-galleryberg-image galleryberg-image size-large has-hover-effect hover-zoom-in wp-block-galleryberg-image\" id=\"wp-image-540\">\n\t\t\t<img loading=\"lazy\" decoding=\"async\" width=\"200\" height=\"350\" src=\"https:\/\/mystifying-volhard.87-118-120-113.plesk.page\/wp-content\/uploads\/2026\/03\/praxis1.jpg\" class=\"\" alt=\"\" style=\"height: 180px\" \/>\t\t<\/figure>\n\n\n<figure class=\"wp-block-galleryberg-image galleryberg-image size-large has-hover-effect hover-zoom-in wp-block-galleryberg-image\" id=\"wp-image-539\">\n\t\t\t<img loading=\"lazy\" decoding=\"async\" width=\"320\" height=\"150\" src=\"https:\/\/mystifying-volhard.87-118-120-113.plesk.page\/wp-content\/uploads\/2026\/03\/praxis_empfang.jpg\" class=\"\" alt=\"\" style=\"height: 180px\" \/>\t\t<\/figure>\n\n\n<figure class=\"wp-block-galleryberg-image galleryberg-image size-large has-hover-effect hover-zoom-in wp-block-galleryberg-image\" id=\"wp-image-538\">\n\t\t\t<img loading=\"lazy\" decoding=\"async\" width=\"180\" height=\"150\" src=\"https:\/\/mystifying-volhard.87-118-120-113.plesk.page\/wp-content\/uploads\/2026\/03\/blutzucker_messgeraet.jpg\" class=\"\" alt=\"\" style=\"height: 180px\" \/>\t\t<\/figure>\n\n\n<figure class=\"wp-block-galleryberg-image galleryberg-image size-large has-hover-effect hover-zoom-in wp-block-galleryberg-image\" id=\"wp-image-345\">\n\t\t\t<img loading=\"lazy\" decoding=\"async\" width=\"200\" height=\"320\" src=\"https:\/\/mystifying-volhard.87-118-120-113.plesk.page\/wp-content\/uploads\/2026\/03\/neumerkel.jpg\" class=\"\" alt=\"\" style=\"height: 180px\" \/>\t\t<\/figure>\n\n<\/div>\n<\/div>\n<\/div>\n<\/div>\n","protected":false},"excerpt":{"rendered":"<p>Haus\u00e4rztliche Medizin mit pers\u00f6nlicher Betreuung Neben der umfassenden medizinischen Betreuung sehen wir den ganzen Menschen mit seinen seelischen und sozialen Bed\u00fcrfnissen. Grundlage unserer medizinischen Entscheidungen ist die evidenz-basierte Medizin, d.h. ein zur\u00fcckhaltender und kritischer Einsatz von Medikamenten. Unsere medizinischen Schwerpunkte sind die Diabetologie, die Innere Medizin und das gesamte haus\u00e4rztliche Spektrum. Wir f\u00fchren Schulungen f\u00fcr [&hellip;]<\/p>\n","protected":false},"author":1,"featured_media":0,"parent":0,"menu_order":0,"comment_status":"closed","ping_status":"closed","template":"","meta":{"footnotes":""},"class_list":["post-7","page","type-page","status-publish","hentry"],"_links":{"self":[{"href":"https:\/\/mystifying-volhard.87-118-120-113.plesk.page\/index.php?rest_route=\/wp\/v2\/pages\/7","targetHints":{"allow":["GET"]}}],"collection":[{"href":"https:\/\/mystifying-volhard.87-118-120-113.plesk.page\/index.php?rest_route=\/wp\/v2\/pages"}],"about":[{"href":"https:\/\/mystifying-volhard.87-118-120-113.plesk.page\/index.php?rest_route=\/wp\/v2\/types\/page"}],"author":[{"embeddable":true,"href":"https:\/\/mystifying-volhard.87-118-120-113.plesk.page\/index.php?rest_route=\/wp\/v2\/users\/1"}],"replies":[{"embeddable":true,"href":"https:\/\/mystifying-volhard.87-118-120-113.plesk.page\/index.php?rest_route=%2Fwp%2Fv2%2Fcomments&post=7"}],"version-history":[{"count":121,"href":"https:\/\/mystifying-volhard.87-118-120-113.plesk.page\/index.php?rest_route=\/wp\/v2\/pages\/7\/revisions"}],"predecessor-version":[{"id":628,"href":"https:\/\/mystifying-volhard.87-118-120-113.plesk.page\/index.php?rest_route=\/wp\/v2\/pages\/7\/revisions\/628"}],"wp:attachment":[{"href":"https:\/\/mystifying-volhard.87-118-120-113.plesk.page\/index.php?rest_route=%2Fwp%2Fv2%2Fmedia&parent=7"}],"curies":[{"name":"wp","href":"https:\/\/api.w.org\/{rel}","templated":true}]}}