{"id":21,"date":"2026-02-27T11:01:45","date_gmt":"2026-02-27T11:01:45","guid":{"rendered":"https:\/\/mystifying-volhard.87-118-120-113.plesk.page\/?page_id=21"},"modified":"2026-03-23T15:39:55","modified_gmt":"2026-03-23T15:39:55","slug":"kontakt","status":"publish","type":"page","link":"https:\/\/mystifying-volhard.87-118-120-113.plesk.page\/?page_id=21","title":{"rendered":"kontakt-service"},"content":{"rendered":"\n<div class=\"wp-block-group alignfull has-global-padding is-layout-constrained wp-container-core-group-is-layout-0c9c989a wp-block-group-is-layout-constrained\" style=\"min-height:0vh;margin-top:0;margin-bottom:0;padding-top:var(--wp--preset--spacing--70);padding-right:var(--wp--preset--spacing--40);padding-bottom:var(--wp--preset--spacing--70);padding-left:var(--wp--preset--spacing--40)\">\n<div class=\"wp-block-group has-global-padding is-layout-constrained wp-container-core-group-is-layout-346627ba wp-block-group-is-layout-constrained\">\n<h2 class=\"wp-block-heading has-text-align-center has-xx-large-font-size\" style=\"margin-right:0;margin-left:0;padding-right:0;padding-left:0\">Kontakt und Termine<\/h2>\n\n\n\n<p class=\"has-text-align-center\">Gemeinschaftspraxis Wedel<\/p>\n\n\n<\/div>\n<\/div>\n\n\n\n<div class=\"wp-block-group alignfull has-base-color has-accent-4-background-color has-text-color has-background has-link-color wp-elements-de6b632b62d917a18033ceeb5534588d has-global-padding is-layout-constrained wp-block-group-is-layout-constrained\" id=\"kontakt\" style=\"padding-top:var(--wp--preset--spacing--60);padding-bottom:var(--wp--preset--spacing--60)\">\n<div class=\"wp-block-columns alignwide is-layout-flex wp-container-core-columns-is-layout-28f84493 wp-block-columns-is-layout-flex\">\n<div class=\"wp-block-column is-layout-flow wp-block-column-is-layout-flow\">\n<h2 class=\"wp-block-heading\">Kontaktdaten<\/h2>\n\n\n\n<p>Gemeinschaftspraxis Wedel<br>Rosengarten 3<br>22880 Wedel<\/p>\n\n\n\n<p><i class=\"fa fa-regular fa-envelope fa-1x \" ><\/i> <a href=\"mailto:info@gemeinschaftspraxis-wedel.de\">info@gemeinschaftspraxis-wedel.de<\/a><br><i class=\"fa fa-solid fa-phone-flip fa-1x \" ><\/i> 04103 \/ 86668<\/p>\n\n\n\n<h2 class=\"wp-block-heading\">Sprechzeiten<\/h2>\n\n\n\n<p>Mo-Fr 8-12 Uhr<br>Mo, Di, Do 16-18 Uhr<\/p>\n<\/div>\n\n\n\n<div class=\"wp-block-column is-layout-flow wp-block-column-is-layout-flow\">\n<h2 class=\"wp-block-heading\">Kontaktformular<\/h2>\n\n\n\n<div class=\"wp-block-contact-form-7-contact-form-selector anfrage\">\n<div class=\"wpcf7 no-js\" id=\"wpcf7-f403-o1\" lang=\"de-DE\" dir=\"ltr\" data-wpcf7-id=\"403\">\n<div class=\"screen-reader-response\"><p role=\"status\" aria-live=\"polite\" aria-atomic=\"true\"><\/p> <ul><\/ul><\/div>\n<form action=\"\/index.php?rest_route=%2Fwp%2Fv2%2Fpages%2F21#wpcf7-f403-o1\" method=\"post\" class=\"wpcf7-form init wpcf7-acceptance-as-validation\" aria-label=\"Kontaktformular\" novalidate=\"novalidate\" data-status=\"init\">\n<fieldset class=\"hidden-fields-container\"><input type=\"hidden\" name=\"_wpcf7\" value=\"403\" \/><input type=\"hidden\" name=\"_wpcf7_version\" value=\"6.1.5\" \/><input type=\"hidden\" name=\"_wpcf7_locale\" value=\"de_DE\" \/><input type=\"hidden\" name=\"_wpcf7_unit_tag\" value=\"wpcf7-f403-o1\" \/><input type=\"hidden\" name=\"_wpcf7_container_post\" value=\"0\" \/><input type=\"hidden\" name=\"_wpcf7_posted_data_hash\" value=\"\" \/>\n<\/fieldset>\n<p><span class=\"wpcf7-form-control-wrap\" data-name=\"your-name\"><input size=\"40\" maxlength=\"400\" class=\"wpcf7-form-control wpcf7-text wpcf7-validates-as-required\" autocomplete=\"name\" aria-required=\"true\" aria-invalid=\"false\" placeholder=\"Name*\" value=\"\" type=\"text\" name=\"your-name\" \/><\/span>\n<\/p>\n<p><span class=\"wpcf7-form-control-wrap\" data-name=\"your-name\"><input size=\"40\" maxlength=\"400\" class=\"wpcf7-form-control wpcf7-text wpcf7-validates-as-required\" autocomplete=\"vorname\" aria-required=\"true\" aria-invalid=\"false\" placeholder=\"Vorname*\" value=\"\" type=\"text\" name=\"your-name\" \/><\/span>\n<\/p>\n<p><span class=\"wpcf7-form-control-wrap\" data-name=\"your-email\"><input size=\"40\" maxlength=\"400\" class=\"wpcf7-form-control wpcf7-email wpcf7-validates-as-required wpcf7-text wpcf7-validates-as-email\" autocomplete=\"email\" aria-required=\"true\" aria-invalid=\"false\" placeholder=\"E-Mail-Adresse*\" value=\"\" type=\"email\" name=\"your-email\" \/><\/span>\n<\/p>\n<p><span class=\"wpcf7-form-control-wrap\" data-name=\"telefon\"><input size=\"40\" maxlength=\"400\" class=\"wpcf7-form-control wpcf7-tel wpcf7-validates-as-required wpcf7-text wpcf7-validates-as-tel\" autocomplete=\"telefon\" aria-required=\"true\" aria-invalid=\"false\" placeholder=\"Telefon*\" value=\"\" type=\"tel\" name=\"telefon\" \/><\/span>\n<\/p>\n<p><span class=\"wpcf7-form-control-wrap\" data-name=\"your-message\"><textarea cols=\"40\" rows=\"10\" maxlength=\"2000\" class=\"wpcf7-form-control wpcf7-textarea wpcf7-validates-as-required\" autocomplete=\"textarea\" aria-required=\"true\" aria-invalid=\"false\" placeholder=\"Ihre Nachricht*\" name=\"your-message\"><\/textarea><\/span>\n<\/p>\n<p><span class=\"wpcf7-form-control-wrap\" data-name=\"zustimmung\"><span class=\"wpcf7-form-control wpcf7-acceptance\"><span class=\"wpcf7-list-item\"><label><input type=\"checkbox\" name=\"zustimmung\" value=\"1\" aria-invalid=\"false\" \/><span class=\"wpcf7-list-item-label\">Ich habe die <a href=\"\/datenschutz\/\">Datenschutzerkl\u00e4rung<\/a> zur Kenntnis genommen und akzeptiert.\n Ich stimme zu, dass meine Formularangaben zur Kontaktaufnahme bzw. zur Bearbeitung meines Anliegens gespeichert werden.<\/span><\/label><\/span><\/span><\/span>\n<\/p>\n<p><span class=\"wpcf7-form-control-wrap\" data-name=\"quiz-235\"><label><span class=\"wpcf7-quiz-label\">Wie viel ist 10 zum Quadrat?<\/span> <input size=\"40\" class=\"wpcf7-form-control wpcf7-quiz\" autocomplete=\"off\" aria-required=\"true\" aria-invalid=\"false\" type=\"text\" name=\"quiz-235\" \/><\/label><input type=\"hidden\" name=\"_wpcf7_quiz_answer_quiz-235\" value=\"92678fedb5aa8d20901e205b99ea774c\" \/><\/span>\n<\/p>\n<p><span id=\"wpcf7-69efee76be25a-wrapper\" class=\"wpcf7-form-control-wrap honeypot-795-wrap\" style=\"display:none !important; visibility:hidden !important;\"><label for=\"wpcf7-69efee76be25a-field\" class=\"hp-message\">Bitte lasse dieses Feld leer.<\/label><input id=\"wpcf7-69efee76be25a-field\"  class=\"wpcf7-form-control wpcf7-text\" type=\"text\" name=\"honeypot-795\" value=\"\" size=\"40\" tabindex=\"-1\" autocomplete=\"new-password\" \/><\/span>\n<\/p>\n<p><input class=\"wpcf7-form-control wpcf7-submit has-spinner\" type=\"submit\" value=\"Senden\" \/>\n<\/p><div class=\"wpcf7-response-output\" aria-hidden=\"true\"><\/div>\n<\/form>\n<\/div>\n<\/div>\n<\/div>\n<\/div>\n<\/div>\n\n\n\n<div class=\"wp-block-group alignwide has-global-padding is-layout-constrained wp-block-group-is-layout-constrained\" id=\"terminbuchen\" style=\"padding-top:var(--wp--preset--spacing--60);padding-bottom:var(--wp--preset--spacing--60)\">\n<div class=\"wp-block-columns alignwide is-layout-flex wp-container-core-columns-is-layout-a5331a9e wp-block-columns-is-layout-flex\" style=\"padding-top:0;padding-right:0;padding-bottom:0;padding-left:0\">\n<div class=\"wp-block-column is-layout-flow wp-block-column-is-layout-flow\">\n<h2 class=\"wp-block-heading\">Termin buchen<\/h2>\n\n\n\n<p>Liebe Patientinnen und Patienten,<\/p>\n\n\n\n<p>hier k\u00f6nnen Sie einen Termin f\u00fcr unsere Sprechstunde buchen. <\/p>\n\n\n\n<p>Sollten Sie neu in unserer Praxis sein, bitten wir Sie um Vereinbarung eines Kennenlerntermins. <\/p>\n\n\n\n<p>Melden Sie sich hierf\u00fcr gerne telefonisch unter 04103 \/ 86668 oder per E-Mail unter <a href=\"mailto:info@gemeinschaftspraxis-wedel.de\" target=\"_blank\" rel=\"noreferrer noopener\">info@gemeinschaftspraxis-wedel.de<\/a>.<\/p>\n\n\n\n<div class=\"wp-block-buttons is-content-justification-center is-layout-flex wp-container-core-buttons-is-layout-a89b3969 wp-block-buttons-is-layout-flex\">\n<div class=\"wp-block-button\"><a class=\"wp-block-button__link wp-element-button\">Termin buchen<\/a><\/div>\n<\/div>\n<\/div>\n<\/div>\n<\/div>\n\n\n\n<div class=\"wp-block-group alignfull has-base-color has-accent-4-background-color has-text-color has-background has-link-color wp-elements-bdcad6ba2dc061b17dc841e4b6eff4f7 has-global-padding is-layout-constrained wp-block-group-is-layout-constrained\" id=\"folgerezept\" style=\"padding-top:var(--wp--preset--spacing--60);padding-bottom:var(--wp--preset--spacing--60)\">\n<div class=\"wp-block-columns alignwide is-layout-flex wp-container-core-columns-is-layout-a5331a9e wp-block-columns-is-layout-flex\" style=\"padding-top:0;padding-right:0;padding-bottom:0;padding-left:0\">\n<div class=\"wp-block-column is-layout-flow wp-block-column-is-layout-flow\">\n<h2 class=\"wp-block-heading\">Folgerezept<\/h2>\n\n\n\n<div class=\"wp-block-contact-form-7-contact-form-selector anfrage\">\n<div class=\"wpcf7 no-js\" id=\"wpcf7-f440-o2\" lang=\"de-DE\" dir=\"ltr\" data-wpcf7-id=\"440\">\n<div class=\"screen-reader-response\"><p role=\"status\" aria-live=\"polite\" aria-atomic=\"true\"><\/p> <ul><\/ul><\/div>\n<form action=\"\/index.php?rest_route=%2Fwp%2Fv2%2Fpages%2F21#wpcf7-f440-o2\" method=\"post\" class=\"wpcf7-form init wpcf7-acceptance-as-validation\" aria-label=\"Kontaktformular\" novalidate=\"novalidate\" data-status=\"init\">\n<fieldset class=\"hidden-fields-container\"><input type=\"hidden\" name=\"_wpcf7\" value=\"440\" \/><input type=\"hidden\" name=\"_wpcf7_version\" value=\"6.1.5\" \/><input type=\"hidden\" name=\"_wpcf7_locale\" value=\"de_DE\" \/><input type=\"hidden\" name=\"_wpcf7_unit_tag\" value=\"wpcf7-f440-o2\" \/><input type=\"hidden\" name=\"_wpcf7_container_post\" value=\"0\" \/><input type=\"hidden\" name=\"_wpcf7_posted_data_hash\" value=\"\" \/>\n<\/fieldset>\n<p><span class=\"wpcf7-form-control-wrap\" data-name=\"your-name\"><input size=\"40\" maxlength=\"400\" class=\"wpcf7-form-control wpcf7-text wpcf7-validates-as-required\" autocomplete=\"name\" aria-required=\"true\" aria-invalid=\"false\" placeholder=\"Name*\" value=\"\" type=\"text\" name=\"your-name\" \/><\/span>\n<\/p>\n<p><span class=\"wpcf7-form-control-wrap\" data-name=\"your-name\"><input size=\"40\" maxlength=\"400\" class=\"wpcf7-form-control wpcf7-text wpcf7-validates-as-required\" autocomplete=\"vorname\" aria-required=\"true\" aria-invalid=\"false\" placeholder=\"Vorname*\" value=\"\" type=\"text\" name=\"your-name\" \/><\/span>\n<\/p>\n<p><span class=\"wpcf7-form-control-wrap\" data-name=\"your-name\"><input size=\"40\" maxlength=\"400\" class=\"wpcf7-form-control wpcf7-text wpcf7-validates-as-required\" autocomplete=\"geburtstdatum\" aria-required=\"true\" aria-invalid=\"false\" placeholder=\"Geburtstdatum*\" value=\"\" type=\"text\" name=\"your-name\" \/><\/span>\n<\/p>\n<p><span class=\"wpcf7-form-control-wrap\" data-name=\"your-email\"><input size=\"40\" maxlength=\"400\" class=\"wpcf7-form-control wpcf7-email wpcf7-validates-as-required wpcf7-text wpcf7-validates-as-email\" autocomplete=\"email\" aria-required=\"true\" aria-invalid=\"false\" placeholder=\"E-Mail-Adresse*\" value=\"\" type=\"email\" name=\"your-email\" \/><\/span>\n<\/p>\n<p><span class=\"wpcf7-form-control-wrap\" data-name=\"your-message\"><textarea cols=\"40\" rows=\"10\" maxlength=\"2000\" class=\"wpcf7-form-control wpcf7-textarea wpcf7-validates-as-required\" autocomplete=\"textarea\" aria-required=\"true\" aria-invalid=\"false\" placeholder=\"Was soll verordnet werden?*\" name=\"your-message\"><\/textarea><\/span>\n<\/p>\n<p><span class=\"wpcf7-form-control-wrap\" data-name=\"zustimmung\"><span class=\"wpcf7-form-control wpcf7-acceptance\"><span class=\"wpcf7-list-item\"><label><input type=\"checkbox\" name=\"zustimmung\" value=\"1\" aria-invalid=\"false\" \/><span class=\"wpcf7-list-item-label\">Ich habe die <a href=\"\/datenschutz\/\">Datenschutzerkl\u00e4rung<\/a> zur Kenntnis genommen und akzeptiert.\n Ich stimme zu, dass meine Formularangaben zur Kontaktaufnahme bzw. zur Bearbeitung meines Anliegens gespeichert werden.<\/span><\/label><\/span><\/span><\/span>\n<\/p>\n<p><span class=\"wpcf7-form-control-wrap\" data-name=\"quiz-235\"><label><span class=\"wpcf7-quiz-label\">Wie viel ist 10 zum Quadrat?<\/span> <input size=\"40\" class=\"wpcf7-form-control wpcf7-quiz\" autocomplete=\"off\" aria-required=\"true\" aria-invalid=\"false\" type=\"text\" name=\"quiz-235\" \/><\/label><input type=\"hidden\" name=\"_wpcf7_quiz_answer_quiz-235\" value=\"92678fedb5aa8d20901e205b99ea774c\" \/><\/span>\n<\/p>\n<p><span id=\"wpcf7-69efee76becc1-wrapper\" class=\"wpcf7-form-control-wrap honeypot-795-wrap\" style=\"display:none !important; visibility:hidden !important;\"><label for=\"wpcf7-69efee76becc1-field\" class=\"hp-message\">Bitte lasse dieses Feld leer.<\/label><input id=\"wpcf7-69efee76becc1-field\"  class=\"wpcf7-form-control wpcf7-text\" type=\"text\" name=\"honeypot-795\" value=\"\" size=\"40\" tabindex=\"-1\" autocomplete=\"new-password\" \/><\/span>\n<\/p>\n<p><input class=\"wpcf7-form-control wpcf7-submit has-spinner\" type=\"submit\" value=\"Senden\" \/>\n<\/p><div class=\"wpcf7-response-output\" aria-hidden=\"true\"><\/div>\n<\/form>\n<\/div>\n<\/div>\n<\/div>\n<\/div>\n<\/div>\n\n\n\n\n\n\n\n\n\n\n\n\n\n<div class=\"wp-block-group alignwide has-global-padding is-layout-constrained wp-block-group-is-layout-constrained\" id=\"anfahrt\" style=\"padding-top:var(--wp--preset--spacing--60);padding-bottom:var(--wp--preset--spacing--60)\">\n<h2 class=\"wp-block-heading alignwide\">Ihr Weg zu uns<\/h2>\n\n\n\n<div class=\"wp-block-columns alignwide is-layout-flex wp-container-core-columns-is-layout-28f84493 wp-block-columns-is-layout-flex\">\n<div class=\"wp-block-column is-layout-flow wp-block-column-is-layout-flow\"><div class=\"leaflet-map WPLeafletMap\" style=\"height:500px; width:100%;\"><\/div><script>\nwindow.WPLeafletMapPlugin = window.WPLeafletMapPlugin || [];\nwindow.WPLeafletMapPlugin.push(function WPLeafletMapShortcode() {\/*<script>*\/\nvar baseUrl = atob('aHR0cHM6Ly90aWxlLm9wZW5zdHJlZXRtYXAub3JnL3t6fS97eH0ve3l9LnBuZw==');\nvar base = (!baseUrl && window.MQ) ?\n    window.MQ.mapLayer() : L.tileLayer(baseUrl,\n        L.Util.extend({}, {\n            detectRetina: 0,\n        },\n        {\"subdomains\":\"abc\",\"noWrap\":false,\"maxZoom\":20}        )\n    );\n    var options = L.Util.extend({}, {\n        layers: [base],\n        attributionControl: false\n    },\n    {\"dragging\":true,\"zoomControl\":false,\"scrollWheelZoom\":true,\"doubleClickZoom\":false,\"fitBounds\":false,\"minZoom\":0,\"maxZoom\":20,\"maxBounds\":null,\"attribution\":\"<a href=\\\"http:\\\/\\\/leafletjs.com\\\" title=\\\"Eine Javascript-Bibliothek f\\u00fcr interaktive Karten\\\">Leaflet<\\\/a>; \\u00a9 <a href=\\\"http:\\\/\\\/www.openstreetmap.org\\\/copyright\\\">OpenStreetMap<\\\/a> Mitwirkende\"},\n    {});\nwindow.WPLeafletMapPlugin.createMap(options).setView([53.581367,9.70523],17);});<\/script>\n\n\n<script>\nwindow.WPLeafletMapPlugin = window.WPLeafletMapPlugin || [];\nwindow.WPLeafletMapPlugin.push(function WPLeafletMarkerShortcode() {\/*<script>*\/\nvar map = window.WPLeafletMapPlugin.getCurrentMap();\nvar group = window.WPLeafletMapPlugin.getCurrentGroup();\nvar marker_options = window.WPLeafletMapPlugin.getIconOptions({});\nvar marker = L.marker(\n    [53.581367,9.70523],\n    marker_options\n);\nvar is_image = map.is_image_map;\nif (marker_options.draggable) {\n    marker.on('dragend', function () {\n        var latlng = this.getLatLng();\n        var lat = latlng.lat;\n        var lng = latlng.lng;\n        if (is_image) {\n            console.log('leaflet-marker y=' + lat + ' x=' + lng);\n        } else {\n            console.log('leaflet-marker lat=' + lat + ' lng=' + lng);\n        }\n    });\n}\nmarker.addTo( group );\nmarker.bindPopup(window.WPLeafletMapPlugin.unescape('Gemeinschaftspraxis Wedel')).openPopup();window.WPLeafletMapPlugin.markers.push( marker );\n        });<\/script>\n<\/div>\n<\/div>\n\n\n\n<div class=\"wp-block-columns alignwide is-layout-flex wp-container-core-columns-is-layout-28f84493 wp-block-columns-is-layout-flex\">\n<div class=\"wp-block-column is-layout-flow wp-block-column-is-layout-flow\">\n<h2 class=\"wp-block-heading\">Anfahrt<\/h2>\n\n\n\n<p>Unsere helle, moderne Praxis liegt zentral in Wedel und ist somit sehr gut zu erreichen. S-Bahnen und Busse halten drei Gehminuten entfernt und Taxen vor der Eingangst\u00fcr. Die Praxis befindet sich im 1. Stock des Geb\u00e4udes.<\/p>\n\n\n\n<h2 class=\"wp-block-heading\">Fahrrad<\/h2>\n\n\n\n<p>Vor unserer Praxis befinden sich B\u00fcgel zum sicheren anschlie\u00dfen Ihres Fahrrades.<\/p>\n\n\n\n<h2 class=\"wp-block-heading\">S-Bahn<\/h2>\n\n\n\n<p>Mit der S-Bahn Linie 1 gelangen sie in unmittelbare N\u00e4he unserer Praxis. Aus dem Ausgang nach links und dann noch etwa 100 m bis zum Eingang.<\/p>\n<\/div>\n\n\n\n<div class=\"wp-block-column is-layout-flow wp-block-column-is-layout-flow\">\n<h2 class=\"wp-block-heading\">Bus<\/h2>\n\n\n\n<p>Der zentrale Busbahnhof Wedel befindet sich ebenfalls fu\u00dfl\u00e4ufig von unserer Praxis. Sie erreichen uns demnach bequem mit allen regionalen Buslinien.<\/p>\n\n\n\n<h2 class=\"wp-block-heading\">Parkm\u00f6glichkeiten<\/h2>\n\n\n\n<p>Vor der T\u00fcr befinden sich Kurzzeitparkpl\u00e4tze sowie ein paar Gehmniuten entfernt eine \u00f6ffentliche P+R Garage mit zahlreichen kostenlosen Parkpl\u00e4tzen. Auf dem Hof finden sie praxiseigene Parkpl\u00e4tze. Weitere kostenpflichtige Parkl\u00e4tze finden Sie ebenfalls am Busbahnhof, als auch rund um den Rathausplatz.<\/p>\n<\/div>\n<\/div>\n<\/div>\n","protected":false},"excerpt":{"rendered":"<p>Kontakt und Termine Gemeinschaftspraxis Wedel Kontaktdaten Gemeinschaftspraxis WedelRosengarten 322880 Wedel info@gemeinschaftspraxis-wedel.de 04103 \/ 86668 Sprechzeiten Mo-Fr 8-12 UhrMo, Di, Do 16-18 Uhr Kontaktformular Termin buchen Liebe Patientinnen und Patienten, hier k\u00f6nnen Sie einen Termin f\u00fcr unsere Sprechstunde buchen. Sollten Sie neu in unserer Praxis sein, bitten wir Sie um Vereinbarung eines Kennenlerntermins. Melden Sie sich [&hellip;]<\/p>\n","protected":false},"author":1,"featured_media":0,"parent":0,"menu_order":0,"comment_status":"closed","ping_status":"closed","template":"","meta":{"footnotes":""},"class_list":["post-21","page","type-page","status-publish","hentry"],"_links":{"self":[{"href":"https:\/\/mystifying-volhard.87-118-120-113.plesk.page\/index.php?rest_route=\/wp\/v2\/pages\/21","targetHints":{"allow":["GET"]}}],"collection":[{"href":"https:\/\/mystifying-volhard.87-118-120-113.plesk.page\/index.php?rest_route=\/wp\/v2\/pages"}],"about":[{"href":"https:\/\/mystifying-volhard.87-118-120-113.plesk.page\/index.php?rest_route=\/wp\/v2\/types\/page"}],"author":[{"embeddable":true,"href":"https:\/\/mystifying-volhard.87-118-120-113.plesk.page\/index.php?rest_route=\/wp\/v2\/users\/1"}],"replies":[{"embeddable":true,"href":"https:\/\/mystifying-volhard.87-118-120-113.plesk.page\/index.php?rest_route=%2Fwp%2Fv2%2Fcomments&post=21"}],"version-history":[{"count":122,"href":"https:\/\/mystifying-volhard.87-118-120-113.plesk.page\/index.php?rest_route=\/wp\/v2\/pages\/21\/revisions"}],"predecessor-version":[{"id":633,"href":"https:\/\/mystifying-volhard.87-118-120-113.plesk.page\/index.php?rest_route=\/wp\/v2\/pages\/21\/revisions\/633"}],"wp:attachment":[{"href":"https:\/\/mystifying-volhard.87-118-120-113.plesk.page\/index.php?rest_route=%2Fwp%2Fv2%2Fmedia&parent=21"}],"curies":[{"name":"wp","href":"https:\/\/api.w.org\/{rel}","templated":true}]}}